{"id":11239,"date":"2026-09-02T14:17:53","date_gmt":"2026-09-02T12:17:53","guid":{"rendered":"https:\/\/www.coverseal.us\/?post_type=project&#038;p=11239"},"modified":"2026-09-02T15:03:27","modified_gmt":"2026-09-02T13:03:27","slug":"el-verano-en-la-plonploniere","status":"publish","type":"project","link":"https:\/\/www.coverseal.us\/es\/project\/el-verano-en-la-plonploniere\/","title":{"rendered":"El verano en La Plonploni\u00e8re"},"content":{"rendered":"<p>[et_pb_section fb_built=\u00bb1&#8243; _builder_version=\u00bb4.27.4&#8243; _module_preset=\u00bbdefault\u00bb global_colors_info=\u00bb{}\u00bb][et_pb_row column_structure=\u00bb1_2,1_2&#8243; make_equal=\u00bbon\u00bb module_class=\u00bbcustom-align-vertical-reverse\u00bb _builder_version=\u00bb4.27.4&#8243; _module_preset=\u00bbdefault\u00bb global_colors_info=\u00bb{}\u00bb][et_pb_column type=\u00bb1_2&#8243; _builder_version=\u00bb4.27.4&#8243; _module_preset=\u00bbdefault\u00bb global_colors_info=\u00bb{}\u00bb][et_pb_text _builder_version=\u00bb4.27.7&#8243; _module_preset=\u00bbdefault\u00bb header_2_text_color=\u00bbgcid-secondary-color\u00bb global_colors_info=\u00bb{%22gcid-secondary-color%22:%91%22header_2_text_color%22%93}\u00bb]<\/p>\n<h2><em><span>Lo que realmente importa<\/span><\/em><\/h2>\n<div class=\"ewa-rteLine\">\n<p data-start=\"3021\" data-end=\"3353\" class=\"PDq2pG_selectionAnchorContainer\">En <a data-start=\"3024\" data-end=\"3074\" rel=\"noopener\" target=\"_new\" class=\"decorated-link\" href=\"https:\/\/www.laplonploniere.com\/\">La Plonploni\u00e8re<\/a>, cada detalle contribuye a la calidad de la estancia. Por ello, la piscina deb\u00eda permanecer limpia y acogedora en todo momento, requiriendo al mismo tiempo un mantenimiento diario m\u00ednimo. En este entorno arbolado, era esencial proteger la piscina de las hojas y otras impurezas.<span aria-hidden=\"true\" class=\"PDq2pG_selectionAnchor\"><\/span><\/p>\n<p data-start=\"3355\" data-end=\"3605\">La seguridad tambi\u00e9n era un criterio importante para un lugar que recibe visitantes con regularidad. La cubierta deb\u00eda permitir proteger la piscina cuando no se utilizaba y aportar una mayor tranquilidad tanto a los propietarios como a sus hu\u00e9spedes.<\/p>\n<p data-start=\"3607\" data-end=\"3829\">Por \u00faltimo, su integraci\u00f3n est\u00e9tica deb\u00eda estar a la altura del cuidado dedicado a los espacios exteriores. La soluci\u00f3n buscada deb\u00eda preservar el encanto del jard\u00edn e integrarse discretamente en este entorno paisaj\u00edstico.<\/p>\n<\/div>\n<p>[\/et_pb_text][\/et_pb_column][et_pb_column type=\u00bb1_2&#8243; _builder_version=\u00bb4.27.4&#8243; _module_preset=\u00bbdefault\u00bb global_colors_info=\u00bb{}\u00bb][et_pb_image src=\u00bbhttps:\/\/www.coverseal.us\/wp-content\/uploads\/2026\/09\/Design-sans-titre-89.png\u00bb alt=\u00bbVue a\u00e9rienne d\u2019une maison en pierre avec piscine \u00e9quip\u00e9e d\u2019une couverture Coverseal grise, int\u00e9gr\u00e9e harmonieusement dans la terrasse en pierre claire.\u00bb title_text=\u00bbDesign sans titre (89)\u00bb _builder_version=\u00bb4.27.7&#8243; _module_preset=\u00bbdefault\u00bb global_colors_info=\u00bb{}\u00bb][\/et_pb_image][\/et_pb_column][\/et_pb_row][et_pb_row column_structure=\u00bb1_2,1_2&#8243; make_equal=\u00bbon\u00bb module_class=\u00bbcustom-align-vertical\u00bb _builder_version=\u00bb4.27.4&#8243; _module_preset=\u00bbdefault\u00bb global_colors_info=\u00bb{}\u00bb][et_pb_column type=\u00bb1_2&#8243; _builder_version=\u00bb4.27.4&#8243; _module_preset=\u00bbdefault\u00bb global_colors_info=\u00bb{}\u00bb][et_pb_image src=\u00bbhttps:\/\/www.coverseal.us\/wp-content\/uploads\/2026\/09\/Design-sans-titre-86.png\u00bb alt=\u00bbGros plan sur l&#8217;habillage de la Coverseal grise au bord de la piscine, avec en arri\u00e8re-plan les transats et la maison en pierre.\u00bb title_text=\u00bbDesign sans titre (86)\u00bb _builder_version=\u00bb4.27.7&#8243; _module_preset=\u00bbdefault\u00bb global_colors_info=\u00bb{}\u00bb][\/et_pb_image][\/et_pb_column][et_pb_column type=\u00bb1_2&#8243; _builder_version=\u00bb4.27.4&#8243; _module_preset=\u00bbdefault\u00bb global_colors_info=\u00bb{}\u00bb][et_pb_text _builder_version=\u00bb4.27.7&#8243; _module_preset=\u00bbdefault\u00bb header_2_text_color=\u00bbgcid-secondary-color\u00bb global_colors_info=\u00bb{%22gcid-secondary-color%22:%91%22header_2_text_color%22%93}\u00bb]<\/p>\n<h2><em><span>La soluci\u00f3n a medida<\/span><\/em><\/h2>\n<div class=\"ewa-rteLine\">\n<p data-start=\"3858\" data-end=\"4028\" class=\"PDq2pG_selectionAnchorContainer\">Los propietarios eligieron el modelo Autom\u00e1tico de Coverseal, capaz de proteger eficazmente la piscina respetando al mismo tiempo la elegancia de los espacios exteriores.<span aria-hidden=\"true\" class=\"PDq2pG_selectionAnchor\"><\/span><\/p>\n<p data-start=\"4030\" data-end=\"4236\">F\u00e1cil de utilizar y discreta una vez cerrada, limita las impurezas en el agua, facilita el mantenimiento y protege la piscina. Una soluci\u00f3n especialmente adaptada a las necesidades de una casa de hu\u00e9spedes.<\/p>\n<\/div>\n<p>[\/et_pb_text][\/et_pb_column][\/et_pb_row][et_pb_row _builder_version=\u00bb4.27.4&#8243; _module_preset=\u00bbdefault\u00bb custom_margin=\u00bb||0px||false|false\u00bb global_colors_info=\u00bb{}\u00bb][et_pb_column type=\u00bb4_4&#8243; _builder_version=\u00bb4.27.4&#8243; _module_preset=\u00bbdefault\u00bb global_colors_info=\u00bb{}\u00bb][et_pb_text _builder_version=\u00bb4.27.7&#8243; _module_preset=\u00bbdefault\u00bb header_2_text_color=\u00bbgcid-secondary-color\u00bb max_width=\u00bb990px\u00bb custom_margin=\u00bb||50px||false|false\u00bb global_colors_info=\u00bb{%22gcid-secondary-color%22:%91%22header_2_text_color%22%93}\u00bb]<\/p>\n<h2><em>Un d\u00eda a d\u00eda m\u00e1s sencillo<\/em><\/h2>\n<div class=\"ewa-rteLine\">\n<p data-start=\"2767\" data-end=\"2931\" class=\"PDq2pG_selectionAnchorContainer\">Hoy, la piscina prolonga de forma natural la experiencia de La Plonploni\u00e8re, ofreciendo a los visitantes un espacio privilegiado para relajarse. Coverseal simplifica su gesti\u00f3n diaria y permite a los propietarios dedicarse plenamente a lo esencial: ofrecer un remanso de tranquilidad y bienestar.<\/p>\n<\/div>\n<p>[\/et_pb_text][\/et_pb_column][\/et_pb_row][et_pb_row custom_padding_last_edited=\u00bbon|phone\u00bb _builder_version=\u00bb4.27.4&#8243; _module_preset=\u00bbdefault\u00bb custom_margin=\u00bb||0px||false|false\u00bb custom_padding=\u00bb0px|0px|0px|0px|true|true\u00bb custom_padding_tablet=\u00bb0px|0px|0px|0px|true|true\u00bb custom_padding_phone=\u00bb|0px||0px|true|true\u00bb global_colors_info=\u00bb{}\u00bb][et_pb_column type=\u00bb4_4&#8243; _builder_version=\u00bb4.27.4&#8243; _module_preset=\u00bbdefault\u00bb global_colors_info=\u00bb{}\u00bb][dsm_image_carousel gallery_ids=\u00bb11264,11246,11261,11255,11258,11252,11249&#8243; sizes=\u00bbet-pb-portfolio-image\u00bb use_arrow_custom_position=\u00bbon\u00bb arrow_custom_position=\u00bb-54px\u00bb arrow_prev=\u00bbon\u00bb arrow_prev_font_icon=\u00bb&#x23;||divi||400&#8243; arrow_next=\u00bbon\u00bb arrow_next_font_icon=\u00bb&#x24;||divi||400&#8243; arrow_size=\u00bb30px\u00bb arrow_color=\u00bbgcid-secondary-color\u00bb arrow_background_color=\u00bbgcid-primary-color\u00bb dots_horizontal_placement=\u00bb-46px\u00bb dots_active_color=\u00bbgcid-secondary-color\u00bb slide_to_show_tablet=\u00bb2&#8243; slide_to_show_phone=\u00bb1&#8243; slide_to_show_last_edited=\u00bbon|phone\u00bb arrow_custom_position_tablet=\u00bb-28px\u00bb arrow_custom_position_phone=\u00bb-28px\u00bb arrow_custom_position_last_edited=\u00bbon|tablet\u00bb arrow_size_tablet=\u00bb23px\u00bb arrow_size_phone=\u00bb23px\u00bb arrow_size_last_edited=\u00bbon|tablet\u00bb admin_label=\u00bbSupreme Image Carousel\u00bb _builder_version=\u00bb4.27.7&#8243; _module_preset=\u00bbdefault\u00bb custom_padding=\u00bb||||false|true\u00bb border_radii_arrow=\u00bbon|90px|90px|90px|90px\u00bb global_colors_info=\u00bb{%22gcid-secondary-color%22:%91%22dots_active_color%22,%22arrow_color%22%93,%22gcid-primary-color%22:%91%22arrow_background_color%22%93}\u00bb][\/dsm_image_carousel][et_pb_button button_url=\u00bbhttps:\/\/www.coverseal.us\/project\/\u00bb button_text=\u00bbDescubra todos nuestros proyectos\u00bb button_alignment=\u00bbright\u00bb button_alignment_tablet=\u00bbcenter\u00bb button_alignment_phone=\u00bbcenter\u00bb button_alignment_last_edited=\u00bbon|tablet\u00bb _builder_version=\u00bb4.27.4&#8243; _module_preset=\u00bbdefault\u00bb custom_margin=\u00bb0px||||false|false\u00bb locked=\u00bboff\u00bb global_colors_info=\u00bb{}\u00bb][\/et_pb_button][\/et_pb_column][\/et_pb_row][\/et_pb_section]<\/p>\n","protected":false},"excerpt":{"rendered":"<p>En Aix-en-Issart, entre el campo y el mar, en la Costa de \u00d3palo, La Plonploni\u00e8re es una casa de hu\u00e9spedes donde la tranquilidad y la elegancia se encuentran. A pocos minutos de Le Touquet, ofrece un remanso de paz en un entorno verde.<\/p>\n<p>Situada en el coraz\u00f3n del jard\u00edn, la piscina climatizada fue concebida como un lujo discreto, en perfecta armon\u00eda con el esp\u00edritu del lugar. Despu\u00e9s de una caminata, un paseo en bicicleta o una jornada de golf, se convierte en un espacio privilegiado para bajar el ritmo y prolongar los momentos de relajaci\u00f3n.<\/p>\n","protected":false},"author":11,"featured_media":11252,"comment_status":"closed","ping_status":"closed","template":"","meta":{"_et_pb_use_builder":"on","_et_pb_old_content":"","_et_gb_content_width":"","footnotes":""},"project_category":[],"project_tag":[],"class_list":["post-11239","project","type-project","status-publish","has-post-thumbnail","hentry"],"yoast_head":"<!-- This site is optimized with the Yoast SEO plugin v28.4 - https:\/\/yoast.com\/product\/yoast-seo-wordpress\/ -->\n<title>El verano en La Plonploni\u00e8re | Coverseal<\/title>\n<meta name=\"description\" content=\"En Aix-en-Issart, entre el campo y el mar, en la Costa de \u00d3palo, La Plonploni\u00e8re es una casa de hu\u00e9spedes donde la tranquilidad y la elegancia se encuentran.\" \/>\n<meta name=\"robots\" content=\"index, follow, max-snippet:-1, max-image-preview:large, max-video-preview:-1\" \/>\n<link rel=\"canonical\" href=\"https:\/\/www.coverseal.us\/es\/project\/el-verano-en-la-plonploniere\/\" \/>\n<meta property=\"og:locale\" content=\"es_ES\" \/>\n<meta property=\"og:type\" content=\"article\" \/>\n<meta property=\"og:title\" content=\"El verano en La Plonploni\u00e8re | Coverseal\" \/>\n<meta property=\"og:description\" content=\"En Aix-en-Issart, entre el campo y el mar, en la Costa de \u00d3palo, La Plonploni\u00e8re es una casa de hu\u00e9spedes donde la tranquilidad y la elegancia se encuentran.\" \/>\n<meta property=\"og:url\" content=\"https:\/\/www.coverseal.us\/es\/project\/el-verano-en-la-plonploniere\/\" \/>\n<meta property=\"og:site_name\" content=\"Coverseal\" \/>\n<meta property=\"article:modified_time\" content=\"2026-09-02T13:03:27+00:00\" \/>\n<meta property=\"og:image\" content=\"https:\/\/www.coverseal.us\/wp-content\/uploads\/2026\/09\/Design-sans-titre-87.png\" \/>\n\t<meta property=\"og:image:width\" content=\"1200\" \/>\n\t<meta property=\"og:image:height\" content=\"800\" \/>\n\t<meta property=\"og:image:type\" content=\"image\/png\" \/>\n<meta name=\"twitter:card\" content=\"summary_large_image\" \/>\n<meta name=\"twitter:label1\" content=\"Tiempo de lectura\" \/>\n\t<meta name=\"twitter:data1\" content=\"4 minutos\" \/>\n<script type=\"application\/ld+json\" class=\"yoast-schema-graph\">{\"@context\":\"https:\\\/\\\/schema.org\",\"@graph\":[{\"@type\":\"WebPage\",\"@id\":\"https:\\\/\\\/www.coverseal.us\\\/es\\\/project\\\/el-verano-en-la-plonploniere\\\/\",\"url\":\"https:\\\/\\\/www.coverseal.us\\\/es\\\/project\\\/el-verano-en-la-plonploniere\\\/\",\"name\":\"El verano en La Plonploni\u00e8re | Coverseal\",\"isPartOf\":{\"@id\":\"https:\\\/\\\/www.coverseal.us\\\/es\\\/#website\"},\"primaryImageOfPage\":{\"@id\":\"https:\\\/\\\/www.coverseal.us\\\/es\\\/project\\\/el-verano-en-la-plonploniere\\\/#primaryimage\"},\"image\":{\"@id\":\"https:\\\/\\\/www.coverseal.us\\\/es\\\/project\\\/el-verano-en-la-plonploniere\\\/#primaryimage\"},\"thumbnailUrl\":\"https:\\\/\\\/www.coverseal.us\\\/wp-content\\\/uploads\\\/2026\\\/09\\\/Design-sans-titre-87.png\",\"datePublished\":\"2026-09-02T12:17:53+00:00\",\"dateModified\":\"2026-09-02T13:03:27+00:00\",\"description\":\"En Aix-en-Issart, entre el campo y el mar, en la Costa de \u00d3palo, La Plonploni\u00e8re es una casa de hu\u00e9spedes donde la tranquilidad y la elegancia se encuentran.\",\"breadcrumb\":{\"@id\":\"https:\\\/\\\/www.coverseal.us\\\/es\\\/project\\\/el-verano-en-la-plonploniere\\\/#breadcrumb\"},\"inLanguage\":\"es\",\"potentialAction\":[{\"@type\":\"ReadAction\",\"target\":[\"https:\\\/\\\/www.coverseal.us\\\/es\\\/project\\\/el-verano-en-la-plonploniere\\\/\"]}]},{\"@type\":\"ImageObject\",\"inLanguage\":\"es\",\"@id\":\"https:\\\/\\\/www.coverseal.us\\\/es\\\/project\\\/el-verano-en-la-plonploniere\\\/#primaryimage\",\"url\":\"https:\\\/\\\/www.coverseal.us\\\/wp-content\\\/uploads\\\/2026\\\/09\\\/Design-sans-titre-87.png\",\"contentUrl\":\"https:\\\/\\\/www.coverseal.us\\\/wp-content\\\/uploads\\\/2026\\\/09\\\/Design-sans-titre-87.png\",\"width\":1200,\"height\":800},{\"@type\":\"BreadcrumbList\",\"@id\":\"https:\\\/\\\/www.coverseal.us\\\/es\\\/project\\\/el-verano-en-la-plonploniere\\\/#breadcrumb\",\"itemListElement\":[{\"@type\":\"ListItem\",\"position\":1,\"name\":\"Accueil\",\"item\":\"https:\\\/\\\/www.coverseal.us\\\/es\\\/\"},{\"@type\":\"ListItem\",\"position\":2,\"name\":\"Proyectos\",\"item\":\"https:\\\/\\\/www.coverseal.us\\\/es\\\/project\\\/\"},{\"@type\":\"ListItem\",\"position\":3,\"name\":\"El verano en La Plonploni\u00e8re\"}]},{\"@type\":\"WebSite\",\"@id\":\"https:\\\/\\\/www.coverseal.us\\\/es\\\/#website\",\"url\":\"https:\\\/\\\/www.coverseal.us\\\/es\\\/\",\"name\":\"Coverseal\",\"description\":\"\",\"potentialAction\":[{\"@type\":\"SearchAction\",\"target\":{\"@type\":\"EntryPoint\",\"urlTemplate\":\"https:\\\/\\\/www.coverseal.us\\\/es\\\/?s={search_term_string}\"},\"query-input\":{\"@type\":\"PropertyValueSpecification\",\"valueRequired\":true,\"valueName\":\"search_term_string\"}}],\"inLanguage\":\"es\"}]}<\/script>\n<!-- \/ Yoast SEO plugin. -->","yoast_head_json":{"title":"El verano en La Plonploni\u00e8re | Coverseal","description":"En Aix-en-Issart, entre el campo y el mar, en la Costa de \u00d3palo, La Plonploni\u00e8re es una casa de hu\u00e9spedes donde la tranquilidad y la elegancia se encuentran.","robots":{"index":"index","follow":"follow","max-snippet":"max-snippet:-1","max-image-preview":"max-image-preview:large","max-video-preview":"max-video-preview:-1"},"canonical":"https:\/\/www.coverseal.us\/es\/project\/el-verano-en-la-plonploniere\/","og_locale":"es_ES","og_type":"article","og_title":"El verano en La Plonploni\u00e8re | Coverseal","og_description":"En Aix-en-Issart, entre el campo y el mar, en la Costa de \u00d3palo, La Plonploni\u00e8re es una casa de hu\u00e9spedes donde la tranquilidad y la elegancia se encuentran.","og_url":"https:\/\/www.coverseal.us\/es\/project\/el-verano-en-la-plonploniere\/","og_site_name":"Coverseal","article_modified_time":"2026-09-02T13:03:27+00:00","og_image":[{"width":1200,"height":800,"url":"https:\/\/www.coverseal.us\/wp-content\/uploads\/2026\/09\/Design-sans-titre-87.png","type":"image\/png"}],"twitter_card":"summary_large_image","twitter_misc":{"Tiempo de lectura":"4 minutos"},"schema":{"@context":"https:\/\/schema.org","@graph":[{"@type":"WebPage","@id":"https:\/\/www.coverseal.us\/es\/project\/el-verano-en-la-plonploniere\/","url":"https:\/\/www.coverseal.us\/es\/project\/el-verano-en-la-plonploniere\/","name":"El verano en La Plonploni\u00e8re | Coverseal","isPartOf":{"@id":"https:\/\/www.coverseal.us\/es\/#website"},"primaryImageOfPage":{"@id":"https:\/\/www.coverseal.us\/es\/project\/el-verano-en-la-plonploniere\/#primaryimage"},"image":{"@id":"https:\/\/www.coverseal.us\/es\/project\/el-verano-en-la-plonploniere\/#primaryimage"},"thumbnailUrl":"https:\/\/www.coverseal.us\/wp-content\/uploads\/2026\/09\/Design-sans-titre-87.png","datePublished":"2026-09-02T12:17:53+00:00","dateModified":"2026-09-02T13:03:27+00:00","description":"En Aix-en-Issart, entre el campo y el mar, en la Costa de \u00d3palo, La Plonploni\u00e8re es una casa de hu\u00e9spedes donde la tranquilidad y la elegancia se encuentran.","breadcrumb":{"@id":"https:\/\/www.coverseal.us\/es\/project\/el-verano-en-la-plonploniere\/#breadcrumb"},"inLanguage":"es","potentialAction":[{"@type":"ReadAction","target":["https:\/\/www.coverseal.us\/es\/project\/el-verano-en-la-plonploniere\/"]}]},{"@type":"ImageObject","inLanguage":"es","@id":"https:\/\/www.coverseal.us\/es\/project\/el-verano-en-la-plonploniere\/#primaryimage","url":"https:\/\/www.coverseal.us\/wp-content\/uploads\/2026\/09\/Design-sans-titre-87.png","contentUrl":"https:\/\/www.coverseal.us\/wp-content\/uploads\/2026\/09\/Design-sans-titre-87.png","width":1200,"height":800},{"@type":"BreadcrumbList","@id":"https:\/\/www.coverseal.us\/es\/project\/el-verano-en-la-plonploniere\/#breadcrumb","itemListElement":[{"@type":"ListItem","position":1,"name":"Accueil","item":"https:\/\/www.coverseal.us\/es\/"},{"@type":"ListItem","position":2,"name":"Proyectos","item":"https:\/\/www.coverseal.us\/es\/project\/"},{"@type":"ListItem","position":3,"name":"El verano en La Plonploni\u00e8re"}]},{"@type":"WebSite","@id":"https:\/\/www.coverseal.us\/es\/#website","url":"https:\/\/www.coverseal.us\/es\/","name":"Coverseal","description":"","potentialAction":[{"@type":"SearchAction","target":{"@type":"EntryPoint","urlTemplate":"https:\/\/www.coverseal.us\/es\/?s={search_term_string}"},"query-input":{"@type":"PropertyValueSpecification","valueRequired":true,"valueName":"search_term_string"}}],"inLanguage":"es"}]}},"_links":{"self":[{"href":"https:\/\/www.coverseal.us\/es\/wp-json\/wp\/v2\/project\/11239","targetHints":{"allow":["GET"]}}],"collection":[{"href":"https:\/\/www.coverseal.us\/es\/wp-json\/wp\/v2\/project"}],"about":[{"href":"https:\/\/www.coverseal.us\/es\/wp-json\/wp\/v2\/types\/project"}],"author":[{"embeddable":true,"href":"https:\/\/www.coverseal.us\/es\/wp-json\/wp\/v2\/users\/11"}],"replies":[{"embeddable":true,"href":"https:\/\/www.coverseal.us\/es\/wp-json\/wp\/v2\/comments?post=11239"}],"version-history":[{"count":7,"href":"https:\/\/www.coverseal.us\/es\/wp-json\/wp\/v2\/project\/11239\/revisions"}],"predecessor-version":[{"id":11281,"href":"https:\/\/www.coverseal.us\/es\/wp-json\/wp\/v2\/project\/11239\/revisions\/11281"}],"wp:featuredmedia":[{"embeddable":true,"href":"https:\/\/www.coverseal.us\/es\/wp-json\/wp\/v2\/media\/11252"}],"wp:attachment":[{"href":"https:\/\/www.coverseal.us\/es\/wp-json\/wp\/v2\/media?parent=11239"}],"wp:term":[{"taxonomy":"project_category","embeddable":true,"href":"https:\/\/www.coverseal.us\/es\/wp-json\/wp\/v2\/project_category?post=11239"},{"taxonomy":"project_tag","embeddable":true,"href":"https:\/\/www.coverseal.us\/es\/wp-json\/wp\/v2\/project_tag?post=11239"}],"curies":[{"name":"wp","href":"https:\/\/api.w.org\/{rel}","templated":true}]}}